{"id":84,"date":"2013-01-19T22:31:23","date_gmt":"2013-01-19T20:31:23","guid":{"rendered":"http:\/\/timo-alexander-wenzel.de\/wp\/?page_id=84"},"modified":"2024-06-25T11:54:23","modified_gmt":"2024-06-25T09:54:23","slug":"film","status":"publish","type":"page","link":"http:\/\/www.timo-alexander-wenzel.de\/?page_id=84","title":{"rendered":"Film"},"content":{"rendered":"<div>\n<p><a href=\"http:\/\/www.timo-alexander-wenzel.de\/wp\/wp-content\/uploads\/2023\/01\/Timo-Alexander-Wenzel-3-scaled.jpg\" target=\"_blank\" rel=\"noopener noreferrer\"><img loading=\"lazy\" class=\"alignleft wp-image-513 size-medium\" src=\"http:\/\/www.timo-alexander-wenzel.de\/wp\/wp-content\/uploads\/2023\/01\/Timo-Alexander-Wenzel-3-scaled.jpg\" alt=\"\" width=\"400\" height=\"500\"><\/a><\/p>\n<table style=\"border: none;\">\n<tbody style=\"font-size: 0.872em; border: none;\">\n<tr>\n<td style=\"width: 60px; vertical-align: text-top; border-top-width: 0px;\">2024<\/td>\n<td style=\"border-top-width: 0px;\">&#8222;Der Tote im Wald&#8220;<br \/>\nRegie: Christoph Kl\u00fcnker<br \/>\nProd.: ZDF<br \/>\nRolle: Kommissar<\/td>\n<\/tr>\n<tr>\n<td style=\"width: 60px; vertical-align: text-top; border-top-width: 0px;\"><\/td>\n<td style=\"border-top-width: 0px;\">&#8222;Beinaheunfall (Lehrfilm)&#8220;<br \/>\nRegie: Neal Hermann<br \/>\nProd.: Neal Hermann<br \/>\nRolle: Tomasz<\/td>\n<\/tr>\n<tr>\n<td style=\"width: 60px; vertical-align: text-top; border-top-width: 0px;\">2023<\/td>\n<td style=\"border-top-width: 0px;\">&#8222;Die W\u00fcrstchen (Kurzfilm)&#8220;<br \/>\nRegie: Vincent Jost<br \/>\nProd.: HFF M\u00fcnchen<br \/>\nRolle: Fu\u00dfballtrainer<\/td>\n<\/tr>\n<tr>\n<td style=\"width: 60px; vertical-align: text-top; border-top-width: 0px;\">2022<\/td>\n<td style=\"border-top-width: 0px;\">&#8222;Gl\u00fcckstag (Kurzfilm)&#8220;<br \/>\nRegie: Bernhard Wohlfahrter<br \/>\nProd.: HFF M\u00fcnchen<br \/>\nRolle: Business-Man \/ Nachrichtensprecher<\/td>\n<\/tr>\n<tr>\n<td style=\"width: 60px; vertical-align: text-top; border-top-width: 0px;\">2019<\/td>\n<td style=\"border-top-width: 0px;\">&#8222;Um Himmels Willen&#8220;<br \/>\nRegie: Andi Niessner<br \/>\nProd.: NDF \/ ARD<br \/>\nRolle: Arzt<\/td>\n<\/tr>\n<tr>\n<td style=\"width: 60px; vertical-align: text-top; border-top-width: 0px;\">2018<\/td>\n<td style=\"border-top-width: 0px;\">&#8222;Deutschlands gro\u00dfe Clans &#8211; Die Adidas-Story&#8220;<br \/>\nRegie: Oliver Halmburger (Spielszenen)<br \/>\nProd.: Loopfilm \/ ZDF<br \/>\nRolle: Rudi Dassler<\/td>\n<\/tr>\n<tr>\n<td style=\"width: 60px; vertical-align: text-top; border-top-width: 0px;\">&nbsp;<\/td>\n<td style=\"border-top-width: 0px;\">&#8222;In aller Freundschaft &#8211; Die jungen \u00c4rzte&#8220;<br \/>\nRegie: Daniel Anderson<br \/>\nProd.: Saxonia \/ ARD<br \/>\nRolle: Daniel Knauer<\/td>\n<\/tr>\n<tr>\n<td style=\"width: 60px; vertical-align: text-top; border-top-width: 0px;\">2017<\/td>\n<td style=\"border-top-width: 0px;\">&#8222;Rosenheim &#8211; Cops&#8220;<br \/>\nRegie: Daniel Drechsel &#8211; Grau<br \/>\nProd.: Bavaria Fernsehprod. \/ ZDF<br \/>\nRolle: Martin Schromm<\/td>\n<\/tr>\n<tr>\n<td style=\"width: 60px; vertical-align: text-top; border-top-width: 0px;\">&nbsp;<\/td>\n<td style=\"border-top-width: 0px;\">&#8222;VR Zeitkapsel&#8220; (AT \/ Onlineprod.)<br \/>\nRegie: Holger Weber<br \/>\nProd.: WDR \/ One<br \/>\nRolle: Businessman<\/td>\n<\/tr>\n<tr>\n<td style=\"width: 60px; vertical-align: text-top; border-top-width: 0px;\">2016<\/td>\n<td style=\"border-top-width: 0px;\">&#8222;Hubert und Staller&#8220;<br \/>\nRegie: Erik Haffner<br \/>\nProd.: Entertainment Factory \/ Tele M\u00fcnchen \/ ARD<br \/>\nEpisodenhauptrolle<\/td>\n<\/tr>\n<tr>\n<td style=\"width: 60px; vertical-align: text-top; border-top-width: 0px;\">&nbsp;<\/td>\n<td style=\"border-top-width: 0px;\">&#8222;SOKO M\u00fcnchen&#8220;<br \/>\nRegie: Verena S. Freytag<br \/>\nProduktion: ufa Fiction \/ ZDF<br \/>\nRolle: Arzt<\/td>\n<\/tr>\n<tr>\n<td style=\"width: 60px; vertical-align: text-top; border-top-width: 0px;\">&nbsp;<\/td>\n<td style=\"border-top-width: 0px;\">&#8222;Ketapan&#8220;<br \/>\nRegie: David Helmut<br \/>\nProduktion: Geek Pictures, Bilderbunker<br \/>\nRolle: Journalist<\/td>\n<\/tr>\n<tr>\n<td style=\"width: 60px; vertical-align: text-top; border-top-width: 0px;\">2015<\/td>\n<td style=\"border-top-width: 0px;\">&#8222;Freundschaftlicher Dreck&#8220;<br \/>\nRegie: Katja Haumann<br \/>\nProduktion: Macromedia<br \/>\nRolle: Hauptrolle<\/td>\n<\/tr>\n<tr>\n<td style=\"width: 60px; vertical-align: text-top; border-top-width: 0px;\">&nbsp;<\/td>\n<td style=\"border-top-width: 0px;\">&#8222;Soko 5113 &#8211; Special&#8220;<br \/>\nRegie: Peer Andre Grote<br \/>\nProduktion: Filmakademie Ludwigsburg in Kooperation mit ufa Fiction<br \/>\nRolle: Hauptrolle<\/td>\n<\/tr>\n<tr>\n<td style=\"width: 60px; vertical-align: text-top; border-top-width: 0px;\">2014<\/td>\n<td style=\"border-top-width: 0px;\">&#8222;Luis Trenker &#8211; Der schmale Grat der Wahrheit (AT)&#8220;<br \/>\nRegie: Wolfgang Murnberger<br \/>\nProduktion: Roxy &#8211; Film \/ BR \/ ORF<br \/>\nRolle: Kellner<\/td>\n<\/tr>\n<tr>\n<td style=\"width: 60px; vertical-align: text-top; border-top-width: 0px;\">2012<\/td>\n<td style=\"border-top-width: 0px;\">&#8222;Einer geht noch&#8220;<br \/>\nRegie: Martin Nudow<br \/>\nProduktion: Martin Nudow<br \/>\nRolle: Hauptrolle<\/td>\n<\/tr>\n<tr>\n<td style=\"width: 60px; vertical-align: text-top; border-top-width: 0px;\">&nbsp;<\/td>\n<td style=\"border-top-width: 0px;\">&#8222;Rosenheim &#8211; Cops&#8220;<br \/>\nRegie: Gunter Kr\u00e4\u00e4<br \/>\nProduktion: Bavaria \/ ZDF<br \/>\nRolle: Stefan Kratzer<\/td>\n<\/tr>\n<tr>\n<td style=\"width: 60px; vertical-align: text-top; border-top-width: 0px;\">2011<\/td>\n<td style=\"border-top-width: 0px;\">&#8222;Invisibel&#8220;<br \/>\nRegie: Robin Weiland<br \/>\nProduktion: Bavaria Film \/ BR<br \/>\nRolle: Hauptrolle<\/td>\n<\/tr>\n<tr>\n<td style=\"width: 60px; vertical-align: text-top; border-top-width: 0px;\">&nbsp;<\/td>\n<td style=\"border-top-width: 0px;\">&#8222;Der erste Tag&#8220;<br \/>\nRegie: Camilla Guttner<br \/>\nProduktion: HFF M\u00fcnchen<br \/>\nRolle: Assistent<\/td>\n<\/tr>\n<tr>\n<td style=\"width: 60px; vertical-align: text-top; border-top-width: 0px;\">&nbsp;<\/td>\n<td style=\"border-top-width: 0px;\">&#8222;E-lektion&#8220; (Lehrfilm)<br \/>\nRegie: Alexander Hackinger<br \/>\nProduktion: Proxenos f\u00fcr ZVEH<br \/>\nRolle: Moderator<\/td>\n<\/tr>\n<tr>\n<td style=\"width: 60px; vertical-align: text-top; border-top-width: 0px;\">2010<\/td>\n<td style=\"border-top-width: 0px;\">&#8222;SOKO 5113&#8220;<br \/>\nRegie: Michael Wenning<br \/>\nProduktion: Ufa \/ ZDF<br \/>\nRolle: Sch\u00fcrmann<\/td>\n<\/tr>\n<tr>\n<td style=\"width: 60px; vertical-align: text-top; border-top-width: 0px;\">&nbsp;<\/td>\n<td style=\"border-top-width: 0px;\">&#8222;E-lektion&#8220; (Lehrfilm)<br \/>\nRegie: Peter Grandl<br \/>\nProduktion: Proxenos f\u00fcr ZVEH<br \/>\nRolle: Moderator<\/td>\n<\/tr>\n<tr>\n<td style=\"width: 60px; vertical-align: text-top; border-top-width: 0px;\">&nbsp;<\/td>\n<td style=\"border-top-width: 0px;\">&#8222;Licht&#8220;<br \/>\nRegie: Stefanie Schmitz<br \/>\nProduktion: Filmakademie Ludwigsburg<br \/>\nRolle: Hauptrolle<\/td>\n<\/tr>\n<tr>\n<td style=\"width: 60px; vertical-align: text-top; border-top-width: 0px;\">&nbsp;<\/td>\n<td style=\"border-top-width: 0px;\">&#8222;Der Weg nach unten&#8220;<br \/>\nRegie: Christian Kubach<br \/>\nProduktion: FH Wiesbaden<br \/>\nRolle: Hauptrolle<\/td>\n<\/tr>\n<tr>\n<td style=\"width: 60px; vertical-align: text-top; border-top-width: 0px;\">2009<\/td>\n<td style=\"border-top-width: 0px;\">&#8222;Monogamie&#8220;<br \/>\nVideoeinspieler f\u00fcr das gleichnamige Theaterst\u00fcck<br \/>\nRegie: Marc von Henning<\/td>\n<\/tr>\n<tr>\n<td style=\"width: 60px; vertical-align: text-top; border-top-width: 0px;\">2008<\/td>\n<td style=\"border-top-width: 0px;\">&#8222;Geld Macht Liebe&#8220;<br \/>\nRegie: Christine Kabisch<br \/>\nProduktion: ARD<br \/>\nRolle: Polizist<\/td>\n<\/tr>\n<tr>\n<td style=\"width: 60px; vertical-align: text-top; border-top-width: 0px;\">&nbsp;<\/td>\n<td style=\"border-top-width: 0px;\">&#8222;Zwei Br\u00fcder&#8220; (Kurzfilm)<br \/>\nRegie: Patrick Hammerschmidt<br \/>\nProduktion: Hochschule Darmstadt<br \/>\nRolle: Hauptrolle<\/td>\n<\/tr>\n<tr>\n<td style=\"width: 60px; vertical-align: text-top; border-top-width: 0px;\">&nbsp;<\/td>\n<td style=\"border-top-width: 0px;\">&#8222;Television&#8220;(Kurzfilm)<br \/>\nRegie: Martin Stoklossa<br \/>\nProduktion: Universit\u00e4t Mainz<br \/>\nRolle: Hauptrolle<\/td>\n<\/tr>\n<tr>\n<td style=\"width: 60px; vertical-align: text-top; border-top-width: 0px;\">2004<\/td>\n<td style=\"border-top-width: 0px;\">&#8222;Die dreisten Drei &#8211; Die Comedy WG&#8220;<br \/>\nSAT 1, 3. Staffel<br \/>\nRolle: Lutz<\/td>\n<\/tr>\n<tr>\n<td style=\"width: 60px; vertical-align: text-top; border-top-width: 0px;\">2003<\/td>\n<td style=\"border-top-width: 0px;\">&#8222;S1lence&#8220; (Hauptrolle)<br \/>\nRegie: Christian Heinke<\/td>\n<\/tr>\n<tr>\n<td style=\"width: 60px; vertical-align: text-top; border-top-width: 0px;\">&nbsp;<\/td>\n<td style=\"border-top-width: 0px;\">&#8222;Aufgrund von Wegen&#8220; (Hauptrolle)<br \/>\nRegie: Samir Saad<\/td>\n<\/tr>\n<tr>\n<td style=\"width: 60px; vertical-align: text-top; border-top-width: 0px;\">2002<\/td>\n<td style=\"border-top-width: 0px;\">&#8222;Something I Can Never Have&#8220;<br \/>\n(Musikvideo \/ Hauptrolle)<br \/>\nRegie: Gioia Sabatino<\/td>\n<\/tr>\n<tr>\n<td style=\"width: 60px; vertical-align: text-top; border-top-width: 0px;\">&nbsp;<\/td>\n<td style=\"border-top-width: 0px;\">&#8222;Morgen&#8220;<br \/>\nRegie: Veit Schnetker und Nanni Karius<\/td>\n<\/tr>\n<tr>\n<td style=\"width: 60px; vertical-align: text-top; border-top-width: 0px;\">&nbsp;<\/td>\n<td style=\"border-top-width: 0px;\">&#8222;Was geschah wirklich in Wuppertal&#8220;&#8220;<br \/>\nRegie: Adolf Winkelmann<br \/>\nKamera: David Slama<\/td>\n<\/tr>\n<tr>\n<td style=\"width: 60px; vertical-align: text-top; border-top-width: 0px;\">&nbsp;<\/td>\n<td style=\"border-top-width: 0px;\">&nbsp;<\/td>\n<\/tr>\n<tr>\n<td style=\"width: 60px; vertical-align: text-top; border-top-width: 0px;\">&nbsp;<\/td>\n<td style=\"border-top-width: 0px;\">&nbsp;<\/td>\n<\/tr>\n<tr>\n<td style=\"width: 60px; vertical-align: text-top; border-top-width: 0px;\">&nbsp;<\/td>\n<td style=\"border-top-width: 0px;\">&nbsp;<\/td>\n<\/tr>\n<tr>\n<td style=\"width: 60px; vertical-align: text-top; border-top-width: 0px;\">&nbsp;<\/td>\n<td style=\"border-top-width: 0px;\">&nbsp;<\/td>\n<\/tr>\n<tr>\n<td style=\"width: 60px; vertical-align: text-top; border-top-width: 0px;\">&nbsp;<\/td>\n<td style=\"border-top-width: 0px;\">&nbsp;<\/td>\n<\/tr>\n<tr>\n<td style=\"width: 60px; vertical-align: text-top; border-top-width: 0px;\">&nbsp;<\/td>\n<td style=\"border-top-width: 0px;\">&nbsp;<\/td>\n<\/tr>\n<tr>\n<td style=\"width: 60px; vertical-align: text-top; border-top-width: 0px;\">&nbsp;<\/td>\n<td style=\"border-top-width: 0px;\">&nbsp;<\/td>\n<\/tr>\n<tr>\n<td style=\"width: 60px; vertical-align: text-top; border-top-width: 0px;\">&nbsp;<\/td>\n<td style=\"border-top-width: 0px;\">&nbsp;<\/td>\n<\/tr>\n<tr>\n<td style=\"width: 60px; vertical-align: text-top; border-top-width: 0px;\">&nbsp;<\/td>\n<td style=\"border-top-width: 0px;\">&nbsp;<\/td>\n<\/tr>\n<tr>\n<td style=\"width: 60px; vertical-align: text-top; border-top-width: 0px;\">&nbsp;<\/td>\n<td style=\"border-top-width: 0px;\">&nbsp;<\/td>\n<\/tr>\n<tr>\n<td style=\"width: 60px; vertical-align: text-top; border-top-width: 0px;\">&nbsp;<\/td>\n<td style=\"border-top-width: 0px;\">&nbsp;<\/td>\n<\/tr>\n<tr>\n<td style=\"width: 60px; vertical-align: text-top; border-top-width: 0px;\">&nbsp;<\/td>\n<td style=\"border-top-width: 0px;\">&nbsp;<\/td>\n<\/tr>\n<tr>\n<td style=\"width: 60px; vertical-align: text-top; border-top-width: 0px;\">&nbsp;<\/td>\n<td style=\"border-top-width: 0px;\">&nbsp;<\/td>\n<\/tr>\n<tr>\n<td style=\"width: 60px; vertical-align: text-top; border-top-width: 0px;\">&nbsp;<\/td>\n<td style=\"border-top-width: 0px;\">&nbsp;<\/td>\n<\/tr>\n<tr>\n<td style=\"width: 60px; vertical-align: text-top; border-top-width: 0px;\">&nbsp;<\/td>\n<td style=\"border-top-width: 0px;\">&nbsp;<\/td>\n<\/tr>\n<tr>\n<td style=\"width: 60px; vertical-align: text-top; border-top-width: 0px;\">&nbsp;<\/td>\n<td style=\"border-top-width: 0px;\">&nbsp;<\/td>\n<\/tr>\n<tr>\n<td style=\"width: 60px; vertical-align: text-top; border-top-width: 0px;\">&nbsp;<\/td>\n<td style=\"border-top-width: 0px;\">&nbsp;<\/td>\n<\/tr>\n<\/tbody>\n<\/table>\n<\/div>\n","protected":false},"excerpt":{"rendered":"<p>2024 &#8222;Der Tote im Wald&#8220; Regie: Christoph Kl\u00fcnker Prod.: ZDF Rolle: Kommissar &#8222;Beinaheunfall (Lehrfilm)&#8220; Regie: Neal Hermann Prod.: Neal Hermann Rolle: Tomasz 2023 &#8222;Die W\u00fcrstchen (Kurzfilm)&#8220; Regie: Vincent Jost Prod.: HFF M\u00fcnchen Rolle: Fu\u00dfballtrainer 2022 &#8222;Gl\u00fcckstag (Kurzfilm)&#8220; Regie: Bernhard Wohlfahrter Prod.: HFF M\u00fcnchen Rolle: Business-Man \/ Nachrichtensprecher 2019 &#8222;Um Himmels \u2026 <a href=\"http:\/\/www.timo-alexander-wenzel.de\/?page_id=84\"> Continue reading <span class=\"meta-nav\">&rarr; <\/span><\/a><\/p>\n","protected":false},"author":1,"featured_media":0,"parent":0,"menu_order":80,"comment_status":"closed","ping_status":"closed","template":"","meta":[],"_links":{"self":[{"href":"http:\/\/www.timo-alexander-wenzel.de\/index.php?rest_route=\/wp\/v2\/pages\/84"}],"collection":[{"href":"http:\/\/www.timo-alexander-wenzel.de\/index.php?rest_route=\/wp\/v2\/pages"}],"about":[{"href":"http:\/\/www.timo-alexander-wenzel.de\/index.php?rest_route=\/wp\/v2\/types\/page"}],"author":[{"embeddable":true,"href":"http:\/\/www.timo-alexander-wenzel.de\/index.php?rest_route=\/wp\/v2\/users\/1"}],"replies":[{"embeddable":true,"href":"http:\/\/www.timo-alexander-wenzel.de\/index.php?rest_route=%2Fwp%2Fv2%2Fcomments&post=84"}],"version-history":[{"count":25,"href":"http:\/\/www.timo-alexander-wenzel.de\/index.php?rest_route=\/wp\/v2\/pages\/84\/revisions"}],"predecessor-version":[{"id":746,"href":"http:\/\/www.timo-alexander-wenzel.de\/index.php?rest_route=\/wp\/v2\/pages\/84\/revisions\/746"}],"wp:attachment":[{"href":"http:\/\/www.timo-alexander-wenzel.de\/index.php?rest_route=%2Fwp%2Fv2%2Fmedia&parent=84"}],"curies":[{"name":"wp","href":"https:\/\/api.w.org\/{rel}","templated":true}]}}