{"id":86,"date":"2013-01-19T22:31:40","date_gmt":"2013-01-19T20:31:40","guid":{"rendered":"http:\/\/timo-alexander-wenzel.de\/wp\/?page_id=86"},"modified":"2024-06-25T11:47:21","modified_gmt":"2024-06-25T09:47:21","slug":"stimme","status":"publish","type":"page","link":"http:\/\/www.timo-alexander-wenzel.de\/?page_id=86","title":{"rendered":"Stimme"},"content":{"rendered":"<div>\n<p><a href=\"http:\/\/www.timo-alexander-wenzel.de\/wp\/wp-content\/uploads\/2023\/01\/Timo-Alexander-Wenzel-5-scaled.jpg\" target=\"_blank\" rel=\"noopener noreferrer\"><img loading=\"lazy\" class=\"alignleft wp-image-516 size-medium\" src=\"http:\/\/www.timo-alexander-wenzel.de\/wp\/wp-content\/uploads\/2023\/01\/Timo-Alexander-Wenzel-5-scaled.jpg\" alt=\"\" width=\"400\" height=\"300\"><\/a><\/p>\n<table style=\"border: none;\">\n<tbody style=\"font-size: 0.872em; border: none;\">\n<tr>\n<td style=\"width: 60px; vertical-align: text-top; border-top-width: 0px;\">&nbsp;<\/td>\n<td style=\"border-top-width: 0px;\"><i><i><br \/>\nStimm- und Sprechausbildung an der Westf\u00e4lischen Schauspielschule Bochum<\/i><br \/>\n<\/i><em>WDR H\u00f6rspielworkshop<br \/>\n<a href=\"https:\/\/www.castconnectpro.com\/de\/presentation\/single\/key\/9e4990b1-2e20-46d9-954e-a1a044dacf0a\/id\/381781\" target=\"_blank\" rel=\"noopener\">Sprechproben<\/a><\/em><\/td>\n<\/tr>\n<tr>\n<td style=\"width: 60px; vertical-align: text-top; border-top-width: 0px;\">2024<\/td>\n<td style=\"border-top-width: 0px;\">Sprecher f\u00fcr den Bayerischen Rundfunk<br \/>\nSynchron f\u00fcr: Rescue Film, FFS M\u00fcnchen<br \/>\n&#8222;Alpen Donau Adria&#8220; Overvoice BR<\/td>\n<\/tr>\n<tr>\n<td style=\"width: 60px; vertical-align: text-top; border-top-width: 0px;\">2023<\/td>\n<td style=\"border-top-width: 0px;\">Sprecher f\u00fcr den Bayerischen Rundfunk<br \/>\nSynchron f\u00fcr: Rescue Film, FFF Grupe, Neue Tonfilm, FFS M\u00fcnchen<br \/>\n&#8222;Verlorene Seelen, verlorene Orte &#8211; Spukland Bayern&#8220; Overvoice Reportage BR<br \/>\n&#8222;Heiliges Ger\u00fcmpel&#8220; Overvoice Reportage BR<\/td>\n<\/tr>\n<tr>\n<td style=\"width: 60px; vertical-align: text-top; border-top-width: 0px;\">2022<\/td>\n<td style=\"border-top-width: 0px;\">Sprecher f\u00fcr den Bayerischen Rundfunk<br \/>\nSynchron f\u00fcr: Rescue Film, M\u00fcnchner Synchron, FFF Grupe, Mo Synchron, FFS M\u00fcnchen<br \/>\nKunstinstallation &#8222;Das Meer h\u00f6ren&#8220; von Agnes J\u00e4nsch<\/td>\n<\/tr>\n<tr>\n<td style=\"width: 60px; vertical-align: text-top; border-top-width: 0px;\">2021<\/td>\n<td style=\"border-top-width: 0px;\">Sprecher f\u00fcr den Bayerischen Rundfunk<br \/>\nSynchron f\u00fcr: Rescue Film<\/td>\n<\/tr>\n<tr>\n<td style=\"width: 60px; vertical-align: text-top; border-top-width: 0px;\">2020<\/td>\n<td style=\"border-top-width: 0px;\">Sprecher f\u00fcr den Bayerischen Rundfunk<br \/>\nSynchron f\u00fcr: Rescue Film, M\u00fcnchner Synchron, FFS, Neue Tonfilm<br \/>\nH\u00f6rspiel: &#8222;Die drei ??? und der drei\u00e4ugige Totenkopf<\/td>\n<\/tr>\n<tr>\n<td style=\"width: 60px; vertical-align: text-top; border-top-width: 0px;\">2019<\/td>\n<td style=\"border-top-width: 0px;\">Sprecher f\u00fcr den Bayerischen Rundfunk<br \/>\nSynchron f\u00fcr: SDI, Rescue Film, Scalamedia, FFF Gruppe<br \/>\nH\u00f6rspiel: &#8222;Die drei ??? und die schwarze Katze&#8220; (Neufassung)<\/td>\n<\/tr>\n<tr>\n<td style=\"width: 60px; vertical-align: text-top; border-top-width: 0px;\">2018<\/td>\n<td style=\"border-top-width: 0px;\">Sprecher f\u00fcr den Bayerischen Rundfunk<br \/>\nSynchron f\u00fcr: Bavaria Synchron, Berliner Synchron, Scalamedia, FFF Grupe, SDI und Rescue Film<br \/>\nVoice &#8211; Over f\u00fcr Speeech<br \/>\nSprecher f\u00fcr E-Learning<\/td>\n<\/tr>\n<tr>\n<td style=\"width: 60px; vertical-align: text-top; border-top-width: 0px;\">2017<\/td>\n<td style=\"border-top-width: 0px;\">Sprecher f\u00fcr den Bayerischen Rundfunk<br \/>\nSynchron f\u00fcr Bavaria Synchron, Scalamedia, Berliner Synchron, FFF Grupe, SDI und Rescue Film<br \/>\nVoice &#8211; Over f\u00fcr Speeech<br \/>\nVoice &#8211; Over f\u00fcr die Doku &#8222;Die Stille nach dem Beben&#8220; (BR und Arte)<br \/>\nSprecher E-Learning f\u00fcr Siemens<br \/>\nSprecher f\u00fcr Gesundheitsapp ovos media<\/td>\n<\/tr>\n<tr>\n<td style=\"width: 60px; vertical-align: text-top; border-top-width: 0px;\">2016<\/td>\n<td style=\"border-top-width: 0px;\">Sprecher f\u00fcr den Bayerischen Rundfunk und Deutschlandfunk,<br \/>\nSynchron f\u00fcr Scalamedia, Mo Synchron, Bavaria Synchron und<br \/>\nFFF Grupe<br \/>\nSprecher f\u00fcr &#8222;Die Drei ???&#8220; &#8211; Folge &#8222;Der letzte Song&#8220;<br \/>\nVoice-Over f\u00fcr Doku-Reihe &#8222;Generation What&#8220; von BR, ZDF und SWR<\/td>\n<\/tr>\n<tr>\n<td style=\"width: 60px; vertical-align: text-top; border-top-width: 0px;\">2015<\/td>\n<td style=\"border-top-width: 0px;\">Sprecher f\u00fcr den Bayerischen Rundfunk,<br \/>\nSynchron f\u00fcr Scalamedia und Bavaria Synchron<\/td>\n<\/tr>\n<tr>\n<td style=\"width: 60px; vertical-align: text-top; border-top-width: 0px;\">2014<\/td>\n<td style=\"border-top-width: 0px;\">Sprecher f\u00fcr den Bayerischen Rundfunk<\/td>\n<\/tr>\n<tr>\n<td style=\"width: 60px; vertical-align: text-top; border-top-width: 0px;\">2013<\/td>\n<td style=\"border-top-width: 0px;\">Sprecher f\u00fcr den Bayerischen Rundfunk<\/td>\n<\/tr>\n<tr>\n<td style=\"width: 60px; vertical-align: text-top; border-top-width: 0px;\">2012<\/td>\n<td style=\"border-top-width: 0px;\">Sprecher f\u00fcr den Bayerischen Rundfunk<\/td>\n<\/tr>\n<tr>\n<td style=\"width: 60px; vertical-align: text-top; border-top-width: 0px;\">2011<\/td>\n<td style=\"border-top-width: 0px;\">Synchronsprecher f\u00fcr Berliner Synchron<br \/>\nDoku &#8222;Gestrandet&#8220; Bayerischer Rundfunk (Voice-over)<br \/>\nBR Klassik: Galatasaray \/ Bayerischer Rundfunk (Voice &#8211; over)<\/td>\n<\/tr>\n<tr>\n<td style=\"width: 60px; vertical-align: text-top; border-top-width: 0px;\">2010<\/td>\n<td style=\"border-top-width: 0px;\">Dokumentarfilm &#8222;Charlie&#8220; (Erz\u00e4hler)<br \/>\nRegie und Produktion: Stefan Nickl&nbsp;<\/p>\n<p>Sprecher f\u00fcr den Bayerischen Rundfunk<br \/>\nSynchronsprecher f\u00fcr FFS M\u00fcnchen und Bavaria Synchron<\/td>\n<\/tr>\n<tr>\n<td style=\"width: 60px; vertical-align: text-top; border-top-width: 0px;\">2007<\/td>\n<td style=\"border-top-width: 0px;\">H\u00f6rspiel: &#8222;Der Froschk\u00f6nig&#8220;<br \/>\nProduktion: Ernst-Deutsch-Theater<br \/>\nRegie: Sabine Karrasch&nbsp;<\/p>\n<p>Lesung: &#8222;Ich bin meine eigene Frau&#8220; von Charlotte von Mahlsdorf<br \/>\nLesung: &#8222;Klaus Mann&#8220;<br \/>\nLesung: &#8222;Tonio Kr\u00f6ger&#8220; von Thomas Mann<\/td>\n<\/tr>\n<tr>\n<td style=\"width: 60px; vertical-align: text-top; border-top-width: 0px;\">&nbsp;<\/td>\n<td style=\"border-top-width: 0px;\">&nbsp;<\/td>\n<\/tr>\n<tr>\n<td style=\"width: 60px; vertical-align: text-top; border-top-width: 0px;\">&nbsp;<\/td>\n<td style=\"border-top-width: 0px;\">&nbsp;<\/td>\n<\/tr>\n<tr>\n<td style=\"width: 60px; vertical-align: text-top; border-top-width: 0px;\">&nbsp;<\/td>\n<td style=\"border-top-width: 0px;\">&nbsp;<\/td>\n<\/tr>\n<tr>\n<td style=\"width: 60px; vertical-align: text-top; border-top-width: 0px;\">&nbsp;<\/td>\n<td style=\"border-top-width: 0px;\">&nbsp;<\/td>\n<\/tr>\n<\/tbody>\n<\/table>\n<\/div>\n","protected":false},"excerpt":{"rendered":"<p>&nbsp; Stimm- und Sprechausbildung an der Westf\u00e4lischen Schauspielschule Bochum WDR H\u00f6rspielworkshop Sprechproben 2024 Sprecher f\u00fcr den Bayerischen Rundfunk Synchron f\u00fcr: Rescue Film, FFS M\u00fcnchen &#8222;Alpen Donau Adria&#8220; Overvoice BR 2023 Sprecher f\u00fcr den Bayerischen Rundfunk Synchron f\u00fcr: Rescue Film, FFF Grupe, Neue Tonfilm, FFS M\u00fcnchen &#8222;Verlorene Seelen, verlorene Orte &#8211; \u2026 <a href=\"http:\/\/www.timo-alexander-wenzel.de\/?page_id=86\"> Continue reading <span class=\"meta-nav\">&rarr; <\/span><\/a><\/p>\n","protected":false},"author":1,"featured_media":0,"parent":0,"menu_order":90,"comment_status":"closed","ping_status":"closed","template":"","meta":[],"_links":{"self":[{"href":"http:\/\/www.timo-alexander-wenzel.de\/index.php?rest_route=\/wp\/v2\/pages\/86"}],"collection":[{"href":"http:\/\/www.timo-alexander-wenzel.de\/index.php?rest_route=\/wp\/v2\/pages"}],"about":[{"href":"http:\/\/www.timo-alexander-wenzel.de\/index.php?rest_route=\/wp\/v2\/types\/page"}],"author":[{"embeddable":true,"href":"http:\/\/www.timo-alexander-wenzel.de\/index.php?rest_route=\/wp\/v2\/users\/1"}],"replies":[{"embeddable":true,"href":"http:\/\/www.timo-alexander-wenzel.de\/index.php?rest_route=%2Fwp%2Fv2%2Fcomments&post=86"}],"version-history":[{"count":45,"href":"http:\/\/www.timo-alexander-wenzel.de\/index.php?rest_route=\/wp\/v2\/pages\/86\/revisions"}],"predecessor-version":[{"id":740,"href":"http:\/\/www.timo-alexander-wenzel.de\/index.php?rest_route=\/wp\/v2\/pages\/86\/revisions\/740"}],"wp:attachment":[{"href":"http:\/\/www.timo-alexander-wenzel.de\/index.php?rest_route=%2Fwp%2Fv2%2Fmedia&parent=86"}],"curies":[{"name":"wp","href":"https:\/\/api.w.org\/{rel}","templated":true}]}}